{"id":2418,"date":"2020-09-03T03:15:11","date_gmt":"2020-09-03T01:15:11","guid":{"rendered":"https:\/\/pimeef.predev.eu\/inicio\/"},"modified":"2023-11-20T23:08:26","modified_gmt":"2023-11-20T21:08:26","slug":"inicio","status":"publish","type":"page","link":"https:\/\/comerciodeibiza.com\/es\/","title":{"rendered":"Inicio"},"content":{"rendered":"\t\t<div data-elementor-type=\"wp-page\" data-elementor-id=\"2418\" class=\"elementor elementor-2418 elementor-10\">\n\t\t\t\t\t\t\t\t\t<section class=\"elementor-section elementor-top-section elementor-element elementor-element-4441a4a8 bg-overlay-top row-background-particles-js elementor-section-boxed elementor-section-height-default elementor-section-height-default row-top\" data-id=\"4441a4a8\" data-element_type=\"section\" data-settings=\"{&quot;background_background&quot;:&quot;classic&quot;}\">\n\t\t\t\t\t\t\t<div class=\"elementor-background-overlay\"><\/div>\n\t\t\t\t\t\t\t<div class=\"elementor-container elementor-column-gap-no\">\n\t\t\t\t\t<div class=\"elementor-column elementor-col-100 elementor-top-column elementor-element elementor-element-37433570 column-style-top\" data-id=\"37433570\" data-element_type=\"column\" data-settings=\"{&quot;background_background&quot;:&quot;classic&quot;}\">\n\t\t\t<div class=\"elementor-widget-wrap elementor-element-populated\">\n\t\t\t\t\t<div class=\"elementor-background-overlay\"><\/div>\n\t\t\t\t\t\t\t\t<div class=\"elementor-element elementor-element-10fc4e48 elementor-widget elementor-widget-gva-heading-block\" data-id=\"10fc4e48\" data-element_type=\"widget\" data-widget_type=\"gva-heading-block.default\">\n\t\t\t\t<div class=\"elementor-widget-container\">\n\t\t\t<div class=\"gva-element-gva-heading-block gva-element\">   <div class=\"align-center style-2 widget gsc-heading box-align-left\">\r\n      <div class=\"content-inner\">\r\n         \r\n                  \r\n           \r\n         \r\n                     <h2 class=\"title\">\r\n               <span>PIMEEF COMERCIO<\/span>\r\n            <\/h2>\r\n                  \r\n         \r\n      <\/div>\r\n   <\/div>\r\n   <div class=\"clearfix\"><\/div>\r\n<\/div>\t\t<\/div>\n\t\t\t\t<\/div>\n\t\t\t\t<div class=\"elementor-element elementor-element-36c8c79 elementor-widget elementor-widget-text-editor\" data-id=\"36c8c79\" data-element_type=\"widget\" data-widget_type=\"text-editor.default\">\n\t\t\t\t<div class=\"elementor-widget-container\">\n\t\t\t<style>\/*! elementor - v3.16.0 - 20-09-2023 *\/\n.elementor-widget-text-editor.elementor-drop-cap-view-stacked .elementor-drop-cap{background-color:#69727d;color:#fff}.elementor-widget-text-editor.elementor-drop-cap-view-framed .elementor-drop-cap{color:#69727d;border:3px solid;background-color:transparent}.elementor-widget-text-editor:not(.elementor-drop-cap-view-default) .elementor-drop-cap{margin-top:8px}.elementor-widget-text-editor:not(.elementor-drop-cap-view-default) .elementor-drop-cap-letter{width:1em;height:1em}.elementor-widget-text-editor .elementor-drop-cap{float:left;text-align:center;line-height:1;font-size:50px}.elementor-widget-text-editor .elementor-drop-cap-letter{display:inline-block}<\/style>\t\t\t\t<p>Federaci\u00f3n de la Peque\u00f1a y Mediana Empresa de Ibiza y Formentera<\/p>\t\t\t\t\t\t<\/div>\n\t\t\t\t<\/div>\n\t\t\t\t\t<\/div>\n\t\t<\/div>\n\t\t\t\t\t\t\t<\/div>\n\t\t<\/section>\n\t\t\t\t<section class=\"elementor-section elementor-top-section elementor-element elementor-element-40554ae elementor-section-boxed elementor-section-height-default elementor-section-height-default row-top\" data-id=\"40554ae\" data-element_type=\"section\">\n\t\t\t\t\t\t<div class=\"elementor-container elementor-column-gap-default\">\n\t\t\t\t\t<div class=\"elementor-column elementor-col-50 elementor-top-column elementor-element elementor-element-776890d column-style-top\" data-id=\"776890d\" data-element_type=\"column\" data-settings=\"{&quot;background_background&quot;:&quot;slideshow&quot;,&quot;background_slideshow_gallery&quot;:[],&quot;background_slideshow_loop&quot;:&quot;yes&quot;,&quot;background_slideshow_slide_duration&quot;:5000,&quot;background_slideshow_slide_transition&quot;:&quot;fade&quot;,&quot;background_slideshow_transition_duration&quot;:500}\">\n\t\t\t<div class=\"elementor-widget-wrap elementor-element-populated\">\n\t\t\t\t\t\t\t\t<div class=\"elementor-element elementor-element-c0a5e14 elementor-widget elementor-widget-image\" data-id=\"c0a5e14\" data-element_type=\"widget\" data-widget_type=\"image.default\">\n\t\t\t\t<div class=\"elementor-widget-container\">\n\t\t\t<style>\/*! elementor - v3.16.0 - 20-09-2023 *\/\n.elementor-widget-image{text-align:center}.elementor-widget-image a{display:inline-block}.elementor-widget-image a img[src$=\".svg\"]{width:48px}.elementor-widget-image img{vertical-align:middle;display:inline-block}<\/style>\t\t\t\t\t\t\t\t\t\t\t\t<img loading=\"lazy\" decoding=\"async\" width=\"900\" height=\"861\" src=\"https:\/\/comerciodeibiza.com\/wp-content\/uploads\/2023\/06\/pimeef-qui-som-1024x980.png\" class=\"attachment-large size-large wp-image-1665\" alt=\"Pimeef quines somos\" srcset=\"https:\/\/comerciodeibiza.com\/wp-content\/uploads\/2023\/06\/pimeef-qui-som-1024x980.png 1024w, https:\/\/comerciodeibiza.com\/wp-content\/uploads\/2023\/06\/pimeef-qui-som-768x735.png 768w, https:\/\/comerciodeibiza.com\/wp-content\/uploads\/2023\/06\/pimeef-qui-som.png 1254w\" sizes=\"auto, (max-width: 900px) 100vw, 900px\" \/>\t\t\t\t\t\t\t\t\t\t\t\t\t\t\t<\/div>\n\t\t\t\t<\/div>\n\t\t\t\t\t<\/div>\n\t\t<\/div>\n\t\t\t\t<div class=\"elementor-column elementor-col-50 elementor-top-column elementor-element elementor-element-d38649e column-style-top\" data-id=\"d38649e\" data-element_type=\"column\">\n\t\t\t<div class=\"elementor-widget-wrap elementor-element-populated\">\n\t\t\t\t\t\t\t\t<div class=\"elementor-element elementor-element-2a9c8d1 elementor-widget elementor-widget-heading\" data-id=\"2a9c8d1\" data-element_type=\"widget\" data-widget_type=\"heading.default\">\n\t\t\t\t<div class=\"elementor-widget-container\">\n\t\t\t<style>\/*! elementor - v3.16.0 - 20-09-2023 *\/\n.elementor-heading-title{padding:0;margin:0;line-height:1}.elementor-widget-heading .elementor-heading-title[class*=elementor-size-]>a{color:inherit;font-size:inherit;line-height:inherit}.elementor-widget-heading .elementor-heading-title.elementor-size-small{font-size:15px}.elementor-widget-heading .elementor-heading-title.elementor-size-medium{font-size:19px}.elementor-widget-heading .elementor-heading-title.elementor-size-large{font-size:29px}.elementor-widget-heading .elementor-heading-title.elementor-size-xl{font-size:39px}.elementor-widget-heading .elementor-heading-title.elementor-size-xxl{font-size:59px}<\/style><h2 class=\"elementor-heading-title elementor-size-default\">\u00bfQu\u00e9 es PIMEEF Comercio?<\/h2>\t\t<\/div>\n\t\t\t\t<\/div>\n\t\t\t\t<div class=\"elementor-element elementor-element-708d51b elementor-widget elementor-widget-text-editor\" data-id=\"708d51b\" data-element_type=\"widget\" data-widget_type=\"text-editor.default\">\n\t\t\t\t<div class=\"elementor-widget-container\">\n\t\t\t\t\t\t\t<p><strong>La Peque\u00f1a y Mediana Empresa de Eivissa y Formentera (PIMEEF)<\/strong> es una Federaci\u00f3n empresarial constituida en 1977 para defender los intereses de las peque\u00f1as y medianas empresas de Eivissa y Formentera y promover el desarrollo econ\u00f3mico-social de nuestras islas.<\/p>\n\t\t\t\t\t\t<\/div>\n\t\t\t\t<\/div>\n\t\t\t\t<div class=\"elementor-element elementor-element-b8e058f elementor-widget elementor-widget-text-editor\" data-id=\"b8e058f\" data-element_type=\"widget\" data-widget_type=\"text-editor.default\">\n\t\t\t\t<div class=\"elementor-widget-container\">\n\t\t\t\t\t\t\t<p>Actualmente, est\u00e1 integrada por <strong>52 asociaciones<\/strong> que aglutinan a unas 1.500 empresas (aproximadamente 1.300 en Ibiza y 200 en Formentera) que emplean a entre 8.000 trabajadores en temporada baja y 13.000 en temporada alta.<\/p>\n\t\t\t\t\t\t<\/div>\n\t\t\t\t<\/div>\n\t\t\t\t<div class=\"elementor-element elementor-element-44968c8 elementor-widget elementor-widget-text-editor\" data-id=\"44968c8\" data-element_type=\"widget\" data-widget_type=\"text-editor.default\">\n\t\t\t\t<div class=\"elementor-widget-container\">\n\t\t\t\t\t\t\t<p>La defensa del Comercio local \u00e9s una de les patas b\u00e1sicas de PIMEEF. As\u00ed, unos 250 empresarios del sector forman parte de las diversas asociaciones de comercio minorista de PIMEEF.<\/p>\t\t\t\t\t\t<\/div>\n\t\t\t\t<\/div>\n\t\t\t\t<div class=\"elementor-element elementor-element-05d6c39 elementor-widget elementor-widget-html\" data-id=\"05d6c39\" data-element_type=\"widget\" data-widget_type=\"html.default\">\n\t\t\t\t<div class=\"elementor-widget-container\">\n\t\t\t\n          <a href=\"https:\/\/comerciodeibiza.com\/es\/sobre-nosotros\/\" class=\"btn-theme\">\n            <span>Leer m\u00e1s<\/span>\n          <\/a>\n        \t\t<\/div>\n\t\t\t\t<\/div>\n\t\t\t\t\t<\/div>\n\t\t<\/div>\n\t\t\t\t\t\t\t<\/div>\n\t\t<\/section>\n\t\t\t\t<section class=\"elementor-section elementor-top-section elementor-element elementor-element-22757806 bg-row-theme elementor-section-boxed elementor-section-height-default elementor-section-height-default\" data-id=\"22757806\" data-element_type=\"section\" data-settings=\"{&quot;background_background&quot;:&quot;classic&quot;}\">\n\t\t\t\t\t\t<div class=\"elementor-container elementor-column-gap-default\">\n\t\t\t\t\t<div class=\"elementor-column elementor-col-100 elementor-top-column elementor-element elementor-element-2e3393c column-style-top\" data-id=\"2e3393c\" data-element_type=\"column\">\n\t\t\t<div class=\"elementor-widget-wrap elementor-element-populated\">\n\t\t\t\t\t\t\t\t<div class=\"elementor-element elementor-element-fdc8c16 elementor-widget elementor-widget-heading\" data-id=\"fdc8c16\" data-element_type=\"widget\" data-widget_type=\"heading.default\">\n\t\t\t\t<div class=\"elementor-widget-container\">\n\t\t\t<h1 class=\"elementor-heading-title elementor-size-default\">Beneficios de ser socio de PIMEEF<\/h1>\t\t<\/div>\n\t\t\t\t<\/div>\n\t\t\t\t\t<\/div>\n\t\t<\/div>\n\t\t\t\t\t\t\t<\/div>\n\t\t<\/section>\n\t\t\t\t<section class=\"elementor-section elementor-top-section elementor-element elementor-element-56f8aeb elementor-section-boxed elementor-section-height-default elementor-section-height-default row-top\" data-id=\"56f8aeb\" data-element_type=\"section\">\n\t\t\t\t\t\t<div class=\"elementor-container elementor-column-gap-wide\">\n\t\t\t\t\t<div class=\"elementor-column elementor-col-33 elementor-top-column elementor-element elementor-element-06b213f column-style-top\" data-id=\"06b213f\" data-element_type=\"column\">\n\t\t\t<div class=\"elementor-widget-wrap elementor-element-populated\">\n\t\t\t\t\t\t\t\t<div class=\"elementor-element elementor-element-a0c1185 elementor-position-top elementor-widget elementor-widget-image-box\" data-id=\"a0c1185\" data-element_type=\"widget\" data-widget_type=\"image-box.default\">\n\t\t\t\t<div class=\"elementor-widget-container\">\n\t\t\t<style>\/*! elementor - v3.16.0 - 20-09-2023 *\/\n.elementor-widget-image-box .elementor-image-box-content{width:100%}@media (min-width:768px){.elementor-widget-image-box.elementor-position-left .elementor-image-box-wrapper,.elementor-widget-image-box.elementor-position-right .elementor-image-box-wrapper{display:flex}.elementor-widget-image-box.elementor-position-right .elementor-image-box-wrapper{text-align:right;flex-direction:row-reverse}.elementor-widget-image-box.elementor-position-left .elementor-image-box-wrapper{text-align:left;flex-direction:row}.elementor-widget-image-box.elementor-position-top .elementor-image-box-img{margin:auto}.elementor-widget-image-box.elementor-vertical-align-top .elementor-image-box-wrapper{align-items:flex-start}.elementor-widget-image-box.elementor-vertical-align-middle .elementor-image-box-wrapper{align-items:center}.elementor-widget-image-box.elementor-vertical-align-bottom .elementor-image-box-wrapper{align-items:flex-end}}@media (max-width:767px){.elementor-widget-image-box .elementor-image-box-img{margin-left:auto!important;margin-right:auto!important;margin-bottom:15px}}.elementor-widget-image-box .elementor-image-box-img{display:inline-block}.elementor-widget-image-box .elementor-image-box-title a{color:inherit}.elementor-widget-image-box .elementor-image-box-wrapper{text-align:center}.elementor-widget-image-box .elementor-image-box-description{margin:0}<\/style><div class=\"elementor-image-box-wrapper\"><figure class=\"elementor-image-box-img\"><img loading=\"lazy\" decoding=\"async\" width=\"512\" height=\"512\" src=\"https:\/\/comerciodeibiza.com\/wp-content\/uploads\/2023\/06\/advice-gratis-new.png\" class=\"attachment-full size-full wp-image-1866\" alt=\"Asesoramiento gratuito\" srcset=\"https:\/\/comerciodeibiza.com\/wp-content\/uploads\/2023\/06\/advice-gratis-new.png 512w, https:\/\/comerciodeibiza.com\/wp-content\/uploads\/2023\/06\/advice-gratis-new-180x180.png 180w\" sizes=\"auto, (max-width: 512px) 100vw, 512px\" \/><\/figure><div class=\"elementor-image-box-content\"><h5 class=\"elementor-image-box-title\">Asesoramiento gratuito<\/h5><p class=\"elementor-image-box-description\">Asesoramiento gratuito por parte de todos los Departamentos de la Federaci\u00f3n.<\/p><\/div><\/div>\t\t<\/div>\n\t\t\t\t<\/div>\n\t\t\t\t\t<\/div>\n\t\t<\/div>\n\t\t\t\t<div class=\"elementor-column elementor-col-33 elementor-top-column elementor-element elementor-element-6f891f5 column-style-top\" data-id=\"6f891f5\" data-element_type=\"column\">\n\t\t\t<div class=\"elementor-widget-wrap elementor-element-populated\">\n\t\t\t\t\t\t\t\t<div class=\"elementor-element elementor-element-0ff00de elementor-position-top elementor-widget elementor-widget-image-box\" data-id=\"0ff00de\" data-element_type=\"widget\" data-widget_type=\"image-box.default\">\n\t\t\t\t<div class=\"elementor-widget-container\">\n\t\t\t<div class=\"elementor-image-box-wrapper\"><figure class=\"elementor-image-box-img\"><img loading=\"lazy\" decoding=\"async\" width=\"512\" height=\"512\" src=\"https:\/\/comerciodeibiza.com\/wp-content\/uploads\/2023\/06\/convenio-new.png\" class=\"attachment-full size-full wp-image-1874\" alt=\"Posibilidad de acogerse a diversos convenios\" srcset=\"https:\/\/comerciodeibiza.com\/wp-content\/uploads\/2023\/06\/convenio-new.png 512w, https:\/\/comerciodeibiza.com\/wp-content\/uploads\/2023\/06\/convenio-new-180x180.png 180w\" sizes=\"auto, (max-width: 512px) 100vw, 512px\" \/><\/figure><div class=\"elementor-image-box-content\"><h5 class=\"elementor-image-box-title\">Posibilidad de acogerse a los distintos convenios<\/h5><p class=\"elementor-image-box-description\">Posibilidad de acogerse a los distintos convenios, relacionados a continuaci\u00f3n, firmados por PIMEEF y que suponen unas condiciones preferenciales y ventajosas para los socios.<\/p><\/div><\/div>\t\t<\/div>\n\t\t\t\t<\/div>\n\t\t\t\t\t<\/div>\n\t\t<\/div>\n\t\t\t\t<div class=\"elementor-column elementor-col-33 elementor-top-column elementor-element elementor-element-4e5129f column-style-top\" data-id=\"4e5129f\" data-element_type=\"column\">\n\t\t\t<div class=\"elementor-widget-wrap elementor-element-populated\">\n\t\t\t\t\t\t\t\t<div class=\"elementor-element elementor-element-244d4bb elementor-position-top elementor-widget elementor-widget-image-box\" data-id=\"244d4bb\" data-element_type=\"widget\" data-widget_type=\"image-box.default\">\n\t\t\t\t<div class=\"elementor-widget-container\">\n\t\t\t<div class=\"elementor-image-box-wrapper\"><figure class=\"elementor-image-box-img\"><img loading=\"lazy\" decoding=\"async\" width=\"512\" height=\"512\" src=\"https:\/\/comerciodeibiza.com\/wp-content\/uploads\/2023\/06\/cursos-new.png\" class=\"attachment-full size-full wp-image-1877\" alt=\"Organitzaci\u00f3n de cursos de formaci\u00f3n\" srcset=\"https:\/\/comerciodeibiza.com\/wp-content\/uploads\/2023\/06\/cursos-new.png 512w, https:\/\/comerciodeibiza.com\/wp-content\/uploads\/2023\/06\/cursos-new-180x180.png 180w\" sizes=\"auto, (max-width: 512px) 100vw, 512px\" \/><\/figure><div class=\"elementor-image-box-content\"><h5 class=\"elementor-image-box-title\">Organizaci\u00f3n de cursos de formaci\u00f3n<\/h5><p class=\"elementor-image-box-description\">Organizaci\u00f3n de cursos de formaci\u00f3n, seminarios, charlas y actividades de inter\u00e9s para los empresarios.<\/p><\/div><\/div>\t\t<\/div>\n\t\t\t\t<\/div>\n\t\t\t\t\t<\/div>\n\t\t<\/div>\n\t\t\t\t\t\t\t<\/div>\n\t\t<\/section>\n\t\t\t\t<section class=\"elementor-section elementor-top-section elementor-element elementor-element-6373e1a elementor-section-boxed elementor-section-height-default elementor-section-height-default row-top\" data-id=\"6373e1a\" data-element_type=\"section\">\n\t\t\t\t\t\t<div class=\"elementor-container elementor-column-gap-wide\">\n\t\t\t\t\t<div class=\"elementor-column elementor-col-33 elementor-top-column elementor-element elementor-element-9394554 column-style-top\" data-id=\"9394554\" data-element_type=\"column\">\n\t\t\t<div class=\"elementor-widget-wrap elementor-element-populated\">\n\t\t\t\t\t\t\t\t<div class=\"elementor-element elementor-element-919b01d elementor-position-top elementor-widget elementor-widget-image-box\" data-id=\"919b01d\" data-element_type=\"widget\" data-widget_type=\"image-box.default\">\n\t\t\t\t<div class=\"elementor-widget-container\">\n\t\t\t<div class=\"elementor-image-box-wrapper\"><figure class=\"elementor-image-box-img\"><img loading=\"lazy\" decoding=\"async\" width=\"512\" height=\"512\" src=\"https:\/\/comerciodeibiza.com\/wp-content\/uploads\/2023\/06\/newsletter-new.png\" class=\"attachment-full size-full wp-image-1879\" alt=\"Boletines informativos\" srcset=\"https:\/\/comerciodeibiza.com\/wp-content\/uploads\/2023\/06\/newsletter-new.png 512w, https:\/\/comerciodeibiza.com\/wp-content\/uploads\/2023\/06\/newsletter-new-180x180.png 180w\" sizes=\"auto, (max-width: 512px) 100vw, 512px\" \/><\/figure><div class=\"elementor-image-box-content\"><h5 class=\"elementor-image-box-title\">Boletines informativos<\/h5><p class=\"elementor-image-box-description\">Informaci\u00f3n constante y permanente mediante circulares y boletines informativos de cuestiones de actualidad que afectan al sector empresarial en general ya los diversos colectivos en particular.<\/p><\/div><\/div>\t\t<\/div>\n\t\t\t\t<\/div>\n\t\t\t\t\t<\/div>\n\t\t<\/div>\n\t\t\t\t<div class=\"elementor-column elementor-col-33 elementor-top-column elementor-element elementor-element-65b6712 column-style-top\" data-id=\"65b6712\" data-element_type=\"column\">\n\t\t\t<div class=\"elementor-widget-wrap elementor-element-populated\">\n\t\t\t\t\t\t\t\t<div class=\"elementor-element elementor-element-8bc9c51 elementor-position-top elementor-widget elementor-widget-image-box\" data-id=\"8bc9c51\" data-element_type=\"widget\" data-widget_type=\"image-box.default\">\n\t\t\t\t<div class=\"elementor-widget-container\">\n\t\t\t<div class=\"elementor-image-box-wrapper\"><figure class=\"elementor-image-box-img\"><img loading=\"lazy\" decoding=\"async\" width=\"512\" height=\"512\" src=\"https:\/\/comerciodeibiza.com\/wp-content\/uploads\/2023\/06\/subencion-new.png\" class=\"attachment-full size-full wp-image-1881\" alt=\"Subvenciones\" srcset=\"https:\/\/comerciodeibiza.com\/wp-content\/uploads\/2023\/06\/subencion-new.png 512w, https:\/\/comerciodeibiza.com\/wp-content\/uploads\/2023\/06\/subencion-new-180x180.png 180w\" sizes=\"auto, (max-width: 512px) 100vw, 512px\" \/><\/figure><div class=\"elementor-image-box-content\"><h5 class=\"elementor-image-box-title\">Subvenciones<\/h5><p class=\"elementor-image-box-description\">Tramitaci\u00f3n de ayudas y subvenciones.<\/p><\/div><\/div>\t\t<\/div>\n\t\t\t\t<\/div>\n\t\t\t\t\t<\/div>\n\t\t<\/div>\n\t\t\t\t<div class=\"elementor-column elementor-col-33 elementor-top-column elementor-element elementor-element-38ff5ba column-style-top\" data-id=\"38ff5ba\" data-element_type=\"column\">\n\t\t\t<div class=\"elementor-widget-wrap elementor-element-populated\">\n\t\t\t\t\t\t\t\t<div class=\"elementor-element elementor-element-4cc4bf2 elementor-position-top elementor-widget elementor-widget-image-box\" data-id=\"4cc4bf2\" data-element_type=\"widget\" data-widget_type=\"image-box.default\">\n\t\t\t\t<div class=\"elementor-widget-container\">\n\t\t\t<div class=\"elementor-image-box-wrapper\"><figure class=\"elementor-image-box-img\"><img loading=\"lazy\" decoding=\"async\" width=\"512\" height=\"512\" src=\"https:\/\/comerciodeibiza.com\/wp-content\/uploads\/2023\/06\/recurso-new.png\" class=\"attachment-full size-full wp-image-1886\" alt=\"Recursos administrativos\" srcset=\"https:\/\/comerciodeibiza.com\/wp-content\/uploads\/2023\/06\/recurso-new.png 512w, https:\/\/comerciodeibiza.com\/wp-content\/uploads\/2023\/06\/recurso-new-180x180.png 180w\" sizes=\"auto, (max-width: 512px) 100vw, 512px\" \/><\/figure><div class=\"elementor-image-box-content\"><h5 class=\"elementor-image-box-title\">Recursos administrativos<\/h5><p class=\"elementor-image-box-description\">Elaboraci\u00f3n de recursos administrativos.<\/p><\/div><\/div>\t\t<\/div>\n\t\t\t\t<\/div>\n\t\t\t\t\t<\/div>\n\t\t<\/div>\n\t\t\t\t\t\t\t<\/div>\n\t\t<\/section>\n\t\t\t\t<section class=\"elementor-section elementor-top-section elementor-element elementor-element-61314e5 bg-row-theme elementor-section-boxed elementor-section-height-default elementor-section-height-default\" data-id=\"61314e5\" data-element_type=\"section\" data-settings=\"{&quot;background_background&quot;:&quot;classic&quot;}\">\n\t\t\t\t\t\t<div class=\"elementor-container elementor-column-gap-default\">\n\t\t\t\t\t<div class=\"elementor-column elementor-col-100 elementor-top-column elementor-element elementor-element-25e7511 column-style-top\" data-id=\"25e7511\" data-element_type=\"column\">\n\t\t\t<div class=\"elementor-widget-wrap elementor-element-populated\">\n\t\t\t\t\t\t\t\t<div class=\"elementor-element elementor-element-5319462 elementor-widget elementor-widget-heading\" data-id=\"5319462\" data-element_type=\"widget\" data-widget_type=\"heading.default\">\n\t\t\t\t<div class=\"elementor-widget-container\">\n\t\t\t<h1 class=\"elementor-heading-title elementor-size-default\">\u00daltimas noticias<\/h1>\t\t<\/div>\n\t\t\t\t<\/div>\n\t\t\t\t\t<\/div>\n\t\t<\/div>\n\t\t\t\t\t\t\t<\/div>\n\t\t<\/section>\n\t\t\t\t<section class=\"elementor-section elementor-top-section elementor-element elementor-element-2b0ea636 elementor-section-boxed elementor-section-height-default elementor-section-height-default row-top\" data-id=\"2b0ea636\" data-element_type=\"section\" id=\"entrades\">\n\t\t\t\t\t\t<div class=\"elementor-container elementor-column-gap-default\">\n\t\t\t\t\t<div class=\"elementor-column elementor-col-100 elementor-top-column elementor-element elementor-element-55498f4 column-style-top\" data-id=\"55498f4\" data-element_type=\"column\" data-settings=\"{&quot;background_background&quot;:&quot;classic&quot;}\">\n\t\t\t<div class=\"elementor-widget-wrap elementor-element-populated\">\n\t\t\t\t\t\t\t\t<div class=\"elementor-element elementor-element-5b3411b elementor-widget elementor-widget-heading\" data-id=\"5b3411b\" data-element_type=\"widget\" data-widget_type=\"heading.default\">\n\t\t\t\t<div class=\"elementor-widget-container\">\n\t\t\t<h5 class=\"elementor-heading-title elementor-size-default\">DESDE EL BLOG<\/h5>\t\t<\/div>\n\t\t\t\t<\/div>\n\t\t\t\t<div class=\"elementor-element elementor-element-3f1ec44 elementor-widget elementor-widget-heading\" data-id=\"3f1ec44\" data-element_type=\"widget\" data-widget_type=\"heading.default\">\n\t\t\t\t<div class=\"elementor-widget-container\">\n\t\t\t<h2 class=\"elementor-heading-title elementor-size-default\">Noticias y Art\u00edculos<\/h2>\t\t<\/div>\n\t\t\t\t<\/div>\n\t\t\t\t<div class=\"elementor-element elementor-element-7b042fd1 elementor-widget elementor-widget-gva-posts\" data-id=\"7b042fd1\" data-element_type=\"widget\" data-widget_type=\"gva-posts.default\">\n\t\t\t\t<div class=\"elementor-widget-container\">\n\t\t\t<div class=\"gva-element-gva-posts gva-element\">\r\n   <div class=\"gva-posts-carousel gva-posts\" data-filter=\"n57j\">\r\n      <div class=\"init-carousel-owl owl-carousel\" data-items=\"3\" data-items_lg=\"3\" data-items_md=\"3\" data-items_sm=\"2\" data-items_xs=\"1\" data-items_xx=\"1\" data-loop=\"1\" data-speed=\"800\" data-auto_play=\"0\" data-auto_play_speed=\"800\" data-auto_play_timeout=\"6000\" data-auto_play_hover=\"1\" data-navigation=\"1\" data-pagination=\"0\" data-mouse_drag=\"1\" data-touch_drag=\"1\" data-stage_padding=\"0\" >\r\n          \n<div class=\"all comercio \">\n   <article id=\"post-4373\" class=\"post post-style-1 post-4373 type-post status-publish format-standard has-post-thumbnail hentry category-comercio\">\n      <div class=\"post-thumbnail\">\n         <a href=\"https:\/\/comerciodeibiza.com\/es\/reunion-del-sector-del-comercio-con-el-senador-juanjo-ferrer\/\">\n            <img loading=\"lazy\" decoding=\"async\" width=\"600\" height=\"395\" src=\"https:\/\/comerciodeibiza.com\/wp-content\/uploads\/2020\/09\/2025-03-06reuninSenadorJuanjoFerrer.jpg\" class=\"attachment-medium size-medium wp-post-image\" alt=\"Reuni\u00f3n del sector del Comercio con el Senador Juanjo Ferrer\" \/>         <\/a>\n      <\/div>   \n\n      <div class=\"entry-content\">\n         <div class=\"entry-meta\">\n            \n    <div class=\"clearfix meta-inline\"><span class=\"author vcard\"><i class=\"far fa-user-circle\"><\/i>by&nbsp;gestiopimeef<\/span><\/div><div class=\"entry-date\"><span class=\"day\">06<\/span><span class=\"month\">marzo<\/span><span class=\"year\">2025<\/span><\/div>         <\/div> \n         <div class=\"content-inner\">\n            <h2 class=\"entry-title\"><a href=\"https:\/\/comerciodeibiza.com\/es\/reunion-del-sector-del-comercio-con-el-senador-juanjo-ferrer\/\" rel=\"bookmark\">Reuni\u00f3n del sector del Comercio con el Senador Juanjo Ferrer<\/a><\/h2>\n                           <div class=\"entry-description\">Representantes del sector Comercio de PIMEEF se han reunido hoy con el Senador por Eivissa y Formentera, Juanjo Ferrer, para abordar los retos a los que se enfrenta al sector<\/div>\n                     <\/div>\n      <\/div>\n   <\/article>   \n<\/div>\n\n  \n<div class=\"all campanas-comerciales-2 comercio \">\n   <article id=\"post-4360\" class=\"post post-style-1 post-4360 type-post status-publish format-standard has-post-thumbnail hentry category-campanas-comerciales-2 category-comercio\">\n      <div class=\"post-thumbnail\">\n         <a href=\"https:\/\/comerciodeibiza.com\/es\/reactivacion-de-la-tarjeta-de-fidelizacion-de-clientes-del-comercio-de-pimeef\/\">\n            <img loading=\"lazy\" decoding=\"async\" width=\"600\" height=\"450\" src=\"https:\/\/comerciodeibiza.com\/wp-content\/uploads\/2020\/09\/2025-01-30Charlatarjetacomercio.jpg\" class=\"attachment-medium size-medium wp-post-image\" alt=\"Reactivaci\u00f3n de la tarjeta de fidelizaci\u00f3n de clientes del Comercio de PIMEEF\" \/>         <\/a>\n      <\/div>   \n\n      <div class=\"entry-content\">\n         <div class=\"entry-meta\">\n            \n    <div class=\"clearfix meta-inline\"><span class=\"author vcard\"><i class=\"far fa-user-circle\"><\/i>by&nbsp;gestiopimeef<\/span><\/div><div class=\"entry-date\"><span class=\"day\">30<\/span><span class=\"month\">enero<\/span><span class=\"year\">2025<\/span><\/div>         <\/div> \n         <div class=\"content-inner\">\n            <h2 class=\"entry-title\"><a href=\"https:\/\/comerciodeibiza.com\/es\/reactivacion-de-la-tarjeta-de-fidelizacion-de-clientes-del-comercio-de-pimeef\/\" rel=\"bookmark\">Reactivaci\u00f3n de la tarjeta de fidelizaci\u00f3n de clientes del Comercio de PIMEEF<\/a><\/h2>\n                           <div class=\"entry-description\">Esta ma\u00f1ana en la sede de PIMEEF se ha expuesto a diversos comerciantes el proyecto de reactivaci\u00f3n de la Tarjeta de Fidelizaci\u00f3n de Clientes \u201cS\u00f3m Comer\u00e7 \u2013 100% Eivissa\u201d, que<\/div>\n                     <\/div>\n      <\/div>\n   <\/article>   \n<\/div>\n\n  \n<div class=\"all campanas-comerciales-2 comercio \">\n   <article id=\"post-4352\" class=\"post post-style-1 post-4352 type-post status-publish format-standard has-post-thumbnail hentry category-campanas-comerciales-2 category-comercio\">\n      <div class=\"post-thumbnail\">\n         <a href=\"https:\/\/comerciodeibiza.com\/es\/recorrido-de-la-ganadora-del-sorteo-de-los-6-000-euros-en-compras-2025\/\">\n            <img loading=\"lazy\" decoding=\"async\" width=\"600\" height=\"416\" src=\"https:\/\/comerciodeibiza.com\/wp-content\/uploads\/2020\/09\/2025-01-24ruta6000.jpg\" class=\"attachment-medium size-medium wp-post-image\" alt=\"Recorrido de la ganadora del sorteo de los 6.000 euros en compras (2025)\" \/>         <\/a>\n      <\/div>   \n\n      <div class=\"entry-content\">\n         <div class=\"entry-meta\">\n            \n    <div class=\"clearfix meta-inline\"><span class=\"author vcard\"><i class=\"far fa-user-circle\"><\/i>by&nbsp;gestiopimeef<\/span><\/div><div class=\"entry-date\"><span class=\"day\">25<\/span><span class=\"month\">enero<\/span><span class=\"year\">2025<\/span><\/div>         <\/div> \n         <div class=\"content-inner\">\n            <h2 class=\"entry-title\"><a href=\"https:\/\/comerciodeibiza.com\/es\/recorrido-de-la-ganadora-del-sorteo-de-los-6-000-euros-en-compras-2025\/\" rel=\"bookmark\">Recorrido de la ganadora del sorteo de los 6.000 euros en compras (2025)<\/a><\/h2>\n                           <div class=\"entry-description\">La ganadora, Patricia Plant, realiz\u00f3 sus compras en 20 tiendas de la ciudad de Eivissa. En la imagen, en Luminiq, establecimiento donde se rellen\u00f3 el boleto premiado. FOTOS: PIMEEF. Milar<\/div>\n                     <\/div>\n      <\/div>\n   <\/article>   \n<\/div>\n\n  \n<div class=\"all campanas-comerciales-2 comercio \">\n   <article id=\"post-4364\" class=\"post post-style-1 post-4364 type-post status-publish format-standard has-post-thumbnail hentry category-campanas-comerciales-2 category-comercio\">\n      <div class=\"post-thumbnail\">\n         <a href=\"https:\/\/comerciodeibiza.com\/es\/sorteo-de-los-6-000-euros-en-compras-2025\/\">\n            <img loading=\"lazy\" decoding=\"async\" width=\"600\" height=\"392\" src=\"https:\/\/comerciodeibiza.com\/wp-content\/uploads\/2025\/02\/2025-01-11DI-sorteo6000.jpg\" class=\"attachment-medium size-medium wp-post-image\" alt=\"Sorteo de los 6.000 euros en compras 2025\" \/>         <\/a>\n      <\/div>   \n\n      <div class=\"entry-content\">\n         <div class=\"entry-meta\">\n            \n    <div class=\"clearfix meta-inline\"><span class=\"author vcard\"><i class=\"far fa-user-circle\"><\/i>by&nbsp;gestiopimeef<\/span><\/div><div class=\"entry-date\"><span class=\"day\">11<\/span><span class=\"month\">enero<\/span><span class=\"year\">2025<\/span><\/div>         <\/div> \n         <div class=\"content-inner\">\n            <h2 class=\"entry-title\"><a href=\"https:\/\/comerciodeibiza.com\/es\/sorteo-de-los-6-000-euros-en-compras-2025\/\" rel=\"bookmark\">Sorteo de los 6.000 euros en compras 2025<\/a><\/h2>\n                           <div class=\"entry-description\">Patricia, que compr\u00f3 en Luminiq de Eivissa, fue la afortunada ganadora. FOTO: Diario de Ibiza. FUENTE:&nbsp;DIARIO DE IBIZA, 11 ENERO 2025 Los 6.000 euros para gastar en compras en un<\/div>\n                     <\/div>\n      <\/div>\n   <\/article>   \n<\/div>\n\n        <\/div>\r\n   <\/div>\r\n  <\/div>\t\t<\/div>\n\t\t\t\t<\/div>\n\t\t\t\t\t<\/div>\n\t\t<\/div>\n\t\t\t\t\t\t\t<\/div>\n\t\t<\/section>\n\t\t\t\t<section class=\"elementor-section elementor-top-section elementor-element elementor-element-111eac2 bg-row-theme elementor-section-boxed elementor-section-height-default elementor-section-height-default\" data-id=\"111eac2\" data-element_type=\"section\" data-settings=\"{&quot;background_background&quot;:&quot;classic&quot;}\">\n\t\t\t\t\t\t<div class=\"elementor-container elementor-column-gap-default\">\n\t\t\t\t\t<div class=\"elementor-column elementor-col-100 elementor-top-column elementor-element elementor-element-4543d01 column-style-top\" data-id=\"4543d01\" data-element_type=\"column\">\n\t\t\t<div class=\"elementor-widget-wrap elementor-element-populated\">\n\t\t\t\t\t\t\t\t<div class=\"elementor-element elementor-element-fd2c4d5 elementor-widget elementor-widget-heading\" data-id=\"fd2c4d5\" data-element_type=\"widget\" data-widget_type=\"heading.default\">\n\t\t\t\t<div class=\"elementor-widget-container\">\n\t\t\t<h1 class=\"elementor-heading-title elementor-size-default\">\u00bfTienes un negocio?<\/h1>\t\t<\/div>\n\t\t\t\t<\/div>\n\t\t\t\t\t<\/div>\n\t\t<\/div>\n\t\t\t\t\t\t\t<\/div>\n\t\t<\/section>\n\t\t\t\t<section class=\"elementor-section elementor-top-section elementor-element elementor-element-12cad8c elementor-section-boxed elementor-section-height-default elementor-section-height-default row-top\" data-id=\"12cad8c\" data-element_type=\"section\" data-settings=\"{&quot;background_background&quot;:&quot;classic&quot;}\">\n\t\t\t\t\t\t<div class=\"elementor-container elementor-column-gap-default\">\n\t\t\t\t\t<div class=\"elementor-column elementor-col-50 elementor-top-column elementor-element elementor-element-6f9b7a4 column-style-top\" data-id=\"6f9b7a4\" data-element_type=\"column\">\n\t\t\t<div class=\"elementor-widget-wrap elementor-element-populated\">\n\t\t\t\t\t\t\t\t<div class=\"elementor-element elementor-element-291b084 elementor-widget elementor-widget-heading\" data-id=\"291b084\" data-element_type=\"widget\" data-widget_type=\"heading.default\">\n\t\t\t\t<div class=\"elementor-widget-container\">\n\t\t\t<h2 class=\"elementor-heading-title elementor-size-xl\">\u00bfQuieres formar parte de PIMEEF?<\/h2>\t\t<\/div>\n\t\t\t\t<\/div>\n\t\t\t\t<div class=\"elementor-element elementor-element-3bcd658 elementor-widget elementor-widget-text-editor\" data-id=\"3bcd658\" data-element_type=\"widget\" data-widget_type=\"text-editor.default\">\n\t\t\t\t<div class=\"elementor-widget-container\">\n\t\t\t\t\t\t\t<p>\u00bfQuieres que te hagamos llegar m\u00e1s informaci\u00f3n? \u00bfQuieres que te contemos mejor los beneficios de hacerte socio?<\/p>\n\t\t\t\t\t\t<\/div>\n\t\t\t\t<\/div>\n\t\t\t\t<div class=\"elementor-element elementor-element-e421dd8 elementor-align-left app-button elementor-widget__width-auto elementor-widget elementor-widget-button\" data-id=\"e421dd8\" data-element_type=\"widget\" data-widget_type=\"button.default\">\n\t\t\t\t<div class=\"elementor-widget-container\">\n\t\t\t\t\t<div class=\"elementor-button-wrapper\">\n\t\t\t<a class=\"elementor-button elementor-button-link elementor-size-md elementor-animation-shrink\" href=\"https:\/\/comerciodeibiza.com\/es\/contacto\/\">\n\t\t\t\t\t\t<span class=\"elementor-button-content-wrapper\">\n\t\t\t\t\t\t<span class=\"elementor-button-icon elementor-align-icon-left\">\n\t\t\t\t<i aria-hidden=\"true\" class=\"fab fa-google-play\"><\/i>\t\t\t<\/span>\n\t\t\t\t\t\t<span class=\"elementor-button-text\">Contacta con nosotros sin compromiso<\/span>\n\t\t<\/span>\n\t\t\t\t\t<\/a>\n\t\t<\/div>\n\t\t\t\t<\/div>\n\t\t\t\t<\/div>\n\t\t\t\t\t<\/div>\n\t\t<\/div>\n\t\t\t\t<div class=\"elementor-column elementor-col-50 elementor-top-column elementor-element elementor-element-9607cbd column-style-top\" data-id=\"9607cbd\" data-element_type=\"column\">\n\t\t\t<div class=\"elementor-widget-wrap elementor-element-populated\">\n\t\t\t\t\t\t\t\t<div class=\"elementor-element elementor-element-e277b87 elementor-widget elementor-widget-image\" data-id=\"e277b87\" data-element_type=\"widget\" data-widget_type=\"image.default\">\n\t\t\t\t<div class=\"elementor-widget-container\">\n\t\t\t\t\t\t\t\t\t\t\t\t\t\t\t<img loading=\"lazy\" decoding=\"async\" width=\"900\" height=\"598\" src=\"https:\/\/comerciodeibiza.com\/wp-content\/uploads\/2023\/06\/contact-new.png\" class=\"attachment-full size-full wp-image-2041\" alt=\"Contacta con Pimeef\" srcset=\"https:\/\/comerciodeibiza.com\/wp-content\/uploads\/2023\/06\/contact-new.png 900w, https:\/\/comerciodeibiza.com\/wp-content\/uploads\/2023\/06\/contact-new-768x510.png 768w, https:\/\/comerciodeibiza.com\/wp-content\/uploads\/2023\/06\/contact-new-600x400.png 600w\" sizes=\"auto, (max-width: 900px) 100vw, 900px\" \/>\t\t\t\t\t\t\t\t\t\t\t\t\t\t\t<\/div>\n\t\t\t\t<\/div>\n\t\t\t\t\t<\/div>\n\t\t<\/div>\n\t\t\t\t\t\t\t<\/div>\n\t\t<\/section>\n\t\t\t\t\t\t\t<\/div>\n\t\t","protected":false},"excerpt":{"rendered":"<p>PIMEEF COMERCIO Federaci\u00f3n de la Peque\u00f1a y Mediana Empresa de Ibiza y Formentera \u00bfQu\u00e9 es PIMEEF Comercio? La Peque\u00f1a y Mediana Empresa de Eivissa y Formentera (PIMEEF) es una Federaci\u00f3n [&hellip;]<\/p>\n","protected":false},"author":2,"featured_media":0,"parent":0,"menu_order":0,"comment_status":"closed","ping_status":"closed","template":"elementor_header_footer","meta":{"footnotes":""},"class_list":["post-2418","page","type-page","status-publish","hentry"],"_links":{"self":[{"href":"https:\/\/comerciodeibiza.com\/es\/wp-json\/wp\/v2\/pages\/2418","targetHints":{"allow":["GET"]}}],"collection":[{"href":"https:\/\/comerciodeibiza.com\/es\/wp-json\/wp\/v2\/pages"}],"about":[{"href":"https:\/\/comerciodeibiza.com\/es\/wp-json\/wp\/v2\/types\/page"}],"author":[{"embeddable":true,"href":"https:\/\/comerciodeibiza.com\/es\/wp-json\/wp\/v2\/users\/2"}],"replies":[{"embeddable":true,"href":"https:\/\/comerciodeibiza.com\/es\/wp-json\/wp\/v2\/comments?post=2418"}],"version-history":[{"count":74,"href":"https:\/\/comerciodeibiza.com\/es\/wp-json\/wp\/v2\/pages\/2418\/revisions"}],"predecessor-version":[{"id":4282,"href":"https:\/\/comerciodeibiza.com\/es\/wp-json\/wp\/v2\/pages\/2418\/revisions\/4282"}],"wp:attachment":[{"href":"https:\/\/comerciodeibiza.com\/es\/wp-json\/wp\/v2\/media?parent=2418"}],"curies":[{"name":"wp","href":"https:\/\/api.w.org\/{rel}","templated":true}]}}