{"id":2685,"date":"2023-06-27T17:07:56","date_gmt":"2023-06-27T15:07:56","guid":{"rendered":"https:\/\/pimeef.predev.eu\/ultimas-noticias-2\/"},"modified":"2023-07-06T15:24:27","modified_gmt":"2023-07-06T13:24:27","slug":"ultimas-noticias-2","status":"publish","type":"page","link":"https:\/\/comerciodeibiza.com\/es\/ultimas-noticias-2\/","title":{"rendered":"\u00daltimas noticias"},"content":{"rendered":"\t\t<div data-elementor-type=\"wp-page\" data-elementor-id=\"2685\" class=\"elementor elementor-2685 elementor-2677\">\n\t\t\t\t\t\t\t\t\t<section class=\"elementor-section elementor-top-section elementor-element elementor-element-5bc3e60f elementor-section-boxed elementor-section-height-default elementor-section-height-default row-top\" data-id=\"5bc3e60f\" data-element_type=\"section\" data-settings=\"{&quot;background_background&quot;:&quot;classic&quot;}\">\n\t\t\t\t\t\t<div class=\"elementor-container elementor-column-gap-default\">\n\t\t\t\t\t<div class=\"elementor-column elementor-col-100 elementor-top-column elementor-element elementor-element-60e84e5e column-style-top\" data-id=\"60e84e5e\" data-element_type=\"column\">\n\t\t\t<div class=\"elementor-widget-wrap elementor-element-populated\">\n\t\t\t\t\t\t\t\t<div class=\"elementor-element elementor-element-2bd4b439 elementor-widget elementor-widget-heading\" data-id=\"2bd4b439\" data-element_type=\"widget\" data-widget_type=\"heading.default\">\n\t\t\t\t<div class=\"elementor-widget-container\">\n\t\t\t<style>\/*! elementor - v3.16.0 - 20-09-2023 *\/\n.elementor-heading-title{padding:0;margin:0;line-height:1}.elementor-widget-heading .elementor-heading-title[class*=elementor-size-]>a{color:inherit;font-size:inherit;line-height:inherit}.elementor-widget-heading .elementor-heading-title.elementor-size-small{font-size:15px}.elementor-widget-heading .elementor-heading-title.elementor-size-medium{font-size:19px}.elementor-widget-heading .elementor-heading-title.elementor-size-large{font-size:29px}.elementor-widget-heading .elementor-heading-title.elementor-size-xl{font-size:39px}.elementor-widget-heading .elementor-heading-title.elementor-size-xxl{font-size:59px}<\/style><h2 class=\"elementor-heading-title elementor-size-default\">\u00daltimas noticias<\/h2>\t\t<\/div>\n\t\t\t\t<\/div>\n\t\t\t\t\t<\/div>\n\t\t<\/div>\n\t\t\t\t\t\t\t<\/div>\n\t\t<\/section>\n\t\t\t\t<section class=\"elementor-section elementor-top-section elementor-element elementor-element-24a0cbc elementor-section-boxed elementor-section-height-default elementor-section-height-default row-top\" data-id=\"24a0cbc\" data-element_type=\"section\" id=\"entrades\">\n\t\t\t\t\t\t<div class=\"elementor-container elementor-column-gap-default\">\n\t\t\t\t\t<div class=\"elementor-column elementor-col-100 elementor-top-column elementor-element elementor-element-2058f66 column-style-top\" data-id=\"2058f66\" data-element_type=\"column\">\n\t\t\t<div class=\"elementor-widget-wrap elementor-element-populated\">\n\t\t\t\t\t\t\t\t<div class=\"elementor-element elementor-element-f3186db elementor-widget elementor-widget-gva-posts\" data-id=\"f3186db\" data-element_type=\"widget\" data-widget_type=\"gva-posts.default\">\n\t\t\t\t<div class=\"elementor-widget-container\">\n\t\t\t<div class=\"gva-element-gva-posts gva-element\">  \r\n  <div class=\"gva-posts-grid clearfix gva-posts\">\r\n      <div class=\"gva-content-items\"> \r\n        <div class=\"lg-block-grid-3 md-block-grid-3 sm-block-grid-2 xs-block-grid-1 xx-block-grid-1\">\r\n          \n<div class=\"all comercio  item-columns\">\n   <article id=\"post-4373\" class=\"post post-style-1 post-4373 type-post status-publish format-standard has-post-thumbnail hentry category-comercio\">\n      <div class=\"post-thumbnail\">\n         <a href=\"https:\/\/comerciodeibiza.com\/es\/reunion-del-sector-del-comercio-con-el-senador-juanjo-ferrer\/\">\n            <img loading=\"lazy\" decoding=\"async\" width=\"600\" height=\"395\" src=\"https:\/\/comerciodeibiza.com\/wp-content\/uploads\/2020\/09\/2025-03-06reuninSenadorJuanjoFerrer.jpg\" class=\"attachment-ziston_medium size-ziston_medium wp-post-image\" alt=\"Reuni\u00f3n del sector del Comercio con el Senador Juanjo Ferrer\" \/>         <\/a>\n      <\/div>   \n\n      <div class=\"entry-content\">\n         <div class=\"entry-meta\">\n            \n    <div class=\"clearfix meta-inline\"><span class=\"author vcard\"><i class=\"far fa-user-circle\"><\/i>by&nbsp;gestiopimeef<\/span><\/div><div class=\"entry-date\"><span class=\"day\">06<\/span><span class=\"month\">marzo<\/span><span class=\"year\">2025<\/span><\/div>         <\/div> \n         <div class=\"content-inner\">\n            <h2 class=\"entry-title\"><a href=\"https:\/\/comerciodeibiza.com\/es\/reunion-del-sector-del-comercio-con-el-senador-juanjo-ferrer\/\" rel=\"bookmark\">Reuni\u00f3n del sector del Comercio con el Senador Juanjo Ferrer<\/a><\/h2>\n                           <div class=\"entry-description\">Representantes del sector Comercio de PIMEEF se han reunido hoy con el Senador por Eivissa y Formentera, Juanjo Ferrer, para abordar los retos a los que se enfrenta al sector<\/div>\n                     <\/div>\n      <\/div>\n   <\/article>   \n<\/div>\n\n  \n<div class=\"all campanas-comerciales-2 comercio  item-columns\">\n   <article id=\"post-4360\" class=\"post post-style-1 post-4360 type-post status-publish format-standard has-post-thumbnail hentry category-campanas-comerciales-2 category-comercio\">\n      <div class=\"post-thumbnail\">\n         <a href=\"https:\/\/comerciodeibiza.com\/es\/reactivacion-de-la-tarjeta-de-fidelizacion-de-clientes-del-comercio-de-pimeef\/\">\n            <img loading=\"lazy\" decoding=\"async\" width=\"600\" height=\"450\" src=\"https:\/\/comerciodeibiza.com\/wp-content\/uploads\/2020\/09\/2025-01-30Charlatarjetacomercio.jpg\" class=\"attachment-ziston_medium size-ziston_medium wp-post-image\" alt=\"Reactivaci\u00f3n de la tarjeta de fidelizaci\u00f3n de clientes del Comercio de PIMEEF\" \/>         <\/a>\n      <\/div>   \n\n      <div class=\"entry-content\">\n         <div class=\"entry-meta\">\n            \n    <div class=\"clearfix meta-inline\"><span class=\"author vcard\"><i class=\"far fa-user-circle\"><\/i>by&nbsp;gestiopimeef<\/span><\/div><div class=\"entry-date\"><span class=\"day\">30<\/span><span class=\"month\">enero<\/span><span class=\"year\">2025<\/span><\/div>         <\/div> \n         <div class=\"content-inner\">\n            <h2 class=\"entry-title\"><a href=\"https:\/\/comerciodeibiza.com\/es\/reactivacion-de-la-tarjeta-de-fidelizacion-de-clientes-del-comercio-de-pimeef\/\" rel=\"bookmark\">Reactivaci\u00f3n de la tarjeta de fidelizaci\u00f3n de clientes del Comercio de PIMEEF<\/a><\/h2>\n                           <div class=\"entry-description\">Esta ma\u00f1ana en la sede de PIMEEF se ha expuesto a diversos comerciantes el proyecto de reactivaci\u00f3n de la Tarjeta de Fidelizaci\u00f3n de Clientes \u201cS\u00f3m Comer\u00e7 \u2013 100% Eivissa\u201d, que<\/div>\n                     <\/div>\n      <\/div>\n   <\/article>   \n<\/div>\n\n  \n<div class=\"all campanas-comerciales-2 comercio  item-columns\">\n   <article id=\"post-4352\" class=\"post post-style-1 post-4352 type-post status-publish format-standard has-post-thumbnail hentry category-campanas-comerciales-2 category-comercio\">\n      <div class=\"post-thumbnail\">\n         <a href=\"https:\/\/comerciodeibiza.com\/es\/recorrido-de-la-ganadora-del-sorteo-de-los-6-000-euros-en-compras-2025\/\">\n            <img loading=\"lazy\" decoding=\"async\" width=\"600\" height=\"416\" src=\"https:\/\/comerciodeibiza.com\/wp-content\/uploads\/2020\/09\/2025-01-24ruta6000.jpg\" class=\"attachment-ziston_medium size-ziston_medium wp-post-image\" alt=\"Recorrido de la ganadora del sorteo de los 6.000 euros en compras (2025)\" \/>         <\/a>\n      <\/div>   \n\n      <div class=\"entry-content\">\n         <div class=\"entry-meta\">\n            \n    <div class=\"clearfix meta-inline\"><span class=\"author vcard\"><i class=\"far fa-user-circle\"><\/i>by&nbsp;gestiopimeef<\/span><\/div><div class=\"entry-date\"><span class=\"day\">25<\/span><span class=\"month\">enero<\/span><span class=\"year\">2025<\/span><\/div>         <\/div> \n         <div class=\"content-inner\">\n            <h2 class=\"entry-title\"><a href=\"https:\/\/comerciodeibiza.com\/es\/recorrido-de-la-ganadora-del-sorteo-de-los-6-000-euros-en-compras-2025\/\" rel=\"bookmark\">Recorrido de la ganadora del sorteo de los 6.000 euros en compras (2025)<\/a><\/h2>\n                           <div class=\"entry-description\">La ganadora, Patricia Plant, realiz\u00f3 sus compras en 20 tiendas de la ciudad de Eivissa. En la imagen, en Luminiq, establecimiento donde se rellen\u00f3 el boleto premiado. FOTOS: PIMEEF. Milar<\/div>\n                     <\/div>\n      <\/div>\n   <\/article>   \n<\/div>\n\n  \n<div class=\"all campanas-comerciales-2 comercio  item-columns\">\n   <article id=\"post-4364\" class=\"post post-style-1 post-4364 type-post status-publish format-standard has-post-thumbnail hentry category-campanas-comerciales-2 category-comercio\">\n      <div class=\"post-thumbnail\">\n         <a href=\"https:\/\/comerciodeibiza.com\/es\/sorteo-de-los-6-000-euros-en-compras-2025\/\">\n            <img loading=\"lazy\" decoding=\"async\" width=\"600\" height=\"392\" src=\"https:\/\/comerciodeibiza.com\/wp-content\/uploads\/2025\/02\/2025-01-11DI-sorteo6000.jpg\" class=\"attachment-ziston_medium size-ziston_medium wp-post-image\" alt=\"Sorteo de los 6.000 euros en compras 2025\" \/>         <\/a>\n      <\/div>   \n\n      <div class=\"entry-content\">\n         <div class=\"entry-meta\">\n            \n    <div class=\"clearfix meta-inline\"><span class=\"author vcard\"><i class=\"far fa-user-circle\"><\/i>by&nbsp;gestiopimeef<\/span><\/div><div class=\"entry-date\"><span class=\"day\">11<\/span><span class=\"month\">enero<\/span><span class=\"year\">2025<\/span><\/div>         <\/div> \n         <div class=\"content-inner\">\n            <h2 class=\"entry-title\"><a href=\"https:\/\/comerciodeibiza.com\/es\/sorteo-de-los-6-000-euros-en-compras-2025\/\" rel=\"bookmark\">Sorteo de los 6.000 euros en compras 2025<\/a><\/h2>\n                           <div class=\"entry-description\">Patricia, que compr\u00f3 en Luminiq de Eivissa, fue la afortunada ganadora. FOTO: Diario de Ibiza. FUENTE:&nbsp;DIARIO DE IBIZA, 11 ENERO 2025 Los 6.000 euros para gastar en compras en un<\/div>\n                     <\/div>\n      <\/div>\n   <\/article>   \n<\/div>\n\n  \n<div class=\"all campanas-comerciales-2 comercio  item-columns\">\n   <article id=\"post-4327\" class=\"post post-style-1 post-4327 type-post status-publish format-standard has-post-thumbnail hentry category-campanas-comerciales-2 category-comercio\">\n      <div class=\"post-thumbnail\">\n         <a href=\"https:\/\/comerciodeibiza.com\/es\/reactivan-la-plataforma-som-comerc-para-impulsar-el-pequeno-comercio\/\">\n            <img loading=\"lazy\" decoding=\"async\" width=\"600\" height=\"500\" src=\"https:\/\/comerciodeibiza.com\/wp-content\/uploads\/2020\/09\/10-12-2024CIE-Presentacion-Som-Comerc-600x500.jpg\" class=\"attachment-ziston_medium size-ziston_medium wp-post-image\" alt=\"Reactivan la plataforma &#8216;Som Comer\u00e7&#8217; para impulsar el peque\u00f1o comercio\" \/>         <\/a>\n      <\/div>   \n\n      <div class=\"entry-content\">\n         <div class=\"entry-meta\">\n            \n    <div class=\"clearfix meta-inline\"><span class=\"author vcard\"><i class=\"far fa-user-circle\"><\/i>by&nbsp;gestiopimeef<\/span><\/div><div class=\"entry-date\"><span class=\"day\">11<\/span><span class=\"month\">diciembre<\/span><span class=\"year\">2024<\/span><\/div>         <\/div> \n         <div class=\"content-inner\">\n            <h2 class=\"entry-title\"><a href=\"https:\/\/comerciodeibiza.com\/es\/reactivan-la-plataforma-som-comerc-para-impulsar-el-pequeno-comercio\/\" rel=\"bookmark\">Reactivan la plataforma &#8216;Som Comer\u00e7&#8217; para impulsar el peque\u00f1o comercio<\/a><\/h2>\n                           <div class=\"entry-description\">El objetivo es fidelizar a los clientes del comercio de proximidad de la isla. FOTO: Consell d&#8217;Eivissa FUENTE: PERI\u00d3DICO DE IBIZA Y FORMENTERA, 11 DICIEMBRE 2024 R.I.El Consell Insular de<\/div>\n                     <\/div>\n      <\/div>\n   <\/article>   \n<\/div>\n\n  \n<div class=\"all campanas-comerciales-2 comercio  item-columns\">\n   <article id=\"post-4317\" class=\"post post-style-1 post-4317 type-post status-publish format-standard has-post-thumbnail hentry category-campanas-comerciales-2 category-comercio\">\n      <div class=\"post-thumbnail\">\n         <a href=\"https:\/\/comerciodeibiza.com\/es\/vuelve-la-campana-navidena-de-pimeef-6-000-euros-para-gastar-en-un-dia\/\">\n            <img loading=\"lazy\" decoding=\"async\" width=\"600\" height=\"458\" src=\"https:\/\/comerciodeibiza.com\/wp-content\/uploads\/2020\/09\/2024-11-27prescamp6000euros-600x458.jpg\" class=\"attachment-ziston_medium size-ziston_medium wp-post-image\" alt=\"Vuelve la campa\u00f1a navide\u00f1a de PIMEEF: 6.000 euros para gastar en un d\u00eda\" \/>         <\/a>\n      <\/div>   \n\n      <div class=\"entry-content\">\n         <div class=\"entry-meta\">\n            \n    <div class=\"clearfix meta-inline\"><span class=\"author vcard\"><i class=\"far fa-user-circle\"><\/i>by&nbsp;gestiopimeef<\/span><\/div><div class=\"entry-date\"><span class=\"day\">28<\/span><span class=\"month\">noviembre<\/span><span class=\"year\">2024<\/span><\/div>         <\/div> \n         <div class=\"content-inner\">\n            <h2 class=\"entry-title\"><a href=\"https:\/\/comerciodeibiza.com\/es\/vuelve-la-campana-navidena-de-pimeef-6-000-euros-para-gastar-en-un-dia\/\" rel=\"bookmark\">Vuelve la campa\u00f1a navide\u00f1a de PIMEEF: 6.000 euros para gastar en un d\u00eda<\/a><\/h2>\n                           <div class=\"entry-description\">La campa\u00f1a se present\u00f3 ayer en la sede de PIMEEF con la presencia de diversos representantes del Consell y de los Ayuntamientos. FOTO: PIMEEF. FUENTE:&nbsp;PERI\u00d3DICO DE IBIZA Y FORMENTERA, 28<\/div>\n                     <\/div>\n      <\/div>\n   <\/article>   \n<\/div>\n\n          <\/div>\r\n      <\/div>\r\n                <div class=\"pagination\">\r\n              <div class=\"column one pager_wrapper\"><div class=\"pager\"><div class=\"paginations\"><a href=\"https:\/\/comerciodeibiza.com\/es\/wp-json\/wp\/v2\/pages\/2685\/\" class=\"page-item active\">1<\/a><a href=\"https:\/\/comerciodeibiza.com\/es\/wp-json\/wp\/v2\/pages\/2685\/page\/2\/\" class=\"page-item\">2<\/a><a href=\"https:\/\/comerciodeibiza.com\/es\/wp-json\/wp\/v2\/pages\/2685\/page\/3\/\" class=\"page-item\">3<\/a><a class=\"next_page\" href=\"https:\/\/comerciodeibiza.com\/es\/wp-json\/wp\/v2\/pages\/2685\/page\/2\/\"><i class=\"fas fa-chevron-right\"><\/i><\/a><\/div><\/div><\/div>\n          <\/div>\r\n        <\/div>\r\n  <\/div>\t\t<\/div>\n\t\t\t\t<\/div>\n\t\t\t\t\t<\/div>\n\t\t<\/div>\n\t\t\t\t\t\t\t<\/div>\n\t\t<\/section>\n\t\t\t\t\t\t\t<\/div>\n\t\t","protected":false},"excerpt":{"rendered":"<p>\u00daltimas noticias by&nbsp;Administrdor Pimeef03set. Els 8 millors Lorem ipsum dolor sit amet, cibo mundi ea duo, vim exerci phaedrum. by&nbsp;Administrdor Pimeef03set. Atreure i retenir clients de qualitat i molt pagadors [&hellip;]<\/p>\n","protected":false},"author":2,"featured_media":0,"parent":0,"menu_order":0,"comment_status":"closed","ping_status":"closed","template":"elementor_header_footer","meta":{"footnotes":""},"class_list":["post-2685","page","type-page","status-publish","hentry"],"_links":{"self":[{"href":"https:\/\/comerciodeibiza.com\/es\/wp-json\/wp\/v2\/pages\/2685","targetHints":{"allow":["GET"]}}],"collection":[{"href":"https:\/\/comerciodeibiza.com\/es\/wp-json\/wp\/v2\/pages"}],"about":[{"href":"https:\/\/comerciodeibiza.com\/es\/wp-json\/wp\/v2\/types\/page"}],"author":[{"embeddable":true,"href":"https:\/\/comerciodeibiza.com\/es\/wp-json\/wp\/v2\/users\/2"}],"replies":[{"embeddable":true,"href":"https:\/\/comerciodeibiza.com\/es\/wp-json\/wp\/v2\/comments?post=2685"}],"version-history":[{"count":17,"href":"https:\/\/comerciodeibiza.com\/es\/wp-json\/wp\/v2\/pages\/2685\/revisions"}],"predecessor-version":[{"id":4093,"href":"https:\/\/comerciodeibiza.com\/es\/wp-json\/wp\/v2\/pages\/2685\/revisions\/4093"}],"wp:attachment":[{"href":"https:\/\/comerciodeibiza.com\/es\/wp-json\/wp\/v2\/media?parent=2685"}],"curies":[{"name":"wp","href":"https:\/\/api.w.org\/{rel}","templated":true}]}}