{"id":2735,"date":"2023-06-20T17:51:46","date_gmt":"2023-06-20T15:51:46","guid":{"rendered":"https:\/\/pimeef.predev.eu\/politica-de-privacidad\/"},"modified":"2023-11-20T23:08:27","modified_gmt":"2023-11-20T21:08:27","slug":"politica-de-privacidad","status":"publish","type":"page","link":"https:\/\/comerciodeibiza.com\/es\/politica-de-privacidad\/","title":{"rendered":"Pol\u00edtica de privacidad"},"content":{"rendered":"\t\t<div data-elementor-type=\"wp-page\" data-elementor-id=\"2735\" class=\"elementor elementor-2735 elementor-3\">\n\t\t\t\t\t\t\t\t\t<section class=\"elementor-section elementor-top-section elementor-element elementor-element-44122743 elementor-section-boxed elementor-section-height-default elementor-section-height-default row-top\" data-id=\"44122743\" data-element_type=\"section\" data-settings=\"{&quot;background_background&quot;:&quot;classic&quot;}\">\n\t\t\t\t\t\t<div class=\"elementor-container elementor-column-gap-default\">\n\t\t\t\t\t<div class=\"elementor-column elementor-col-100 elementor-top-column elementor-element elementor-element-798afe05 column-style-top\" data-id=\"798afe05\" data-element_type=\"column\">\n\t\t\t<div class=\"elementor-widget-wrap elementor-element-populated\">\n\t\t\t\t\t\t\t\t<div class=\"elementor-element elementor-element-7421f155 elementor-widget elementor-widget-heading\" data-id=\"7421f155\" data-element_type=\"widget\" data-widget_type=\"heading.default\">\n\t\t\t\t<div class=\"elementor-widget-container\">\n\t\t\t<style>\/*! elementor - v3.16.0 - 20-09-2023 *\/\n.elementor-heading-title{padding:0;margin:0;line-height:1}.elementor-widget-heading .elementor-heading-title[class*=elementor-size-]>a{color:inherit;font-size:inherit;line-height:inherit}.elementor-widget-heading .elementor-heading-title.elementor-size-small{font-size:15px}.elementor-widget-heading .elementor-heading-title.elementor-size-medium{font-size:19px}.elementor-widget-heading .elementor-heading-title.elementor-size-large{font-size:29px}.elementor-widget-heading .elementor-heading-title.elementor-size-xl{font-size:39px}.elementor-widget-heading .elementor-heading-title.elementor-size-xxl{font-size:59px}<\/style><h2 class=\"elementor-heading-title elementor-size-default\">Pol\u00edtica de Privacidad<\/h2>\t\t<\/div>\n\t\t\t\t<\/div>\n\t\t\t\t\t<\/div>\n\t\t<\/div>\n\t\t\t\t\t\t\t<\/div>\n\t\t<\/section>\n\t\t\t\t<section class=\"elementor-section elementor-top-section elementor-element elementor-element-3dc070bd elementor-section-boxed elementor-section-height-default elementor-section-height-default row-top\" data-id=\"3dc070bd\" data-element_type=\"section\">\n\t\t\t\t\t\t<div class=\"elementor-container elementor-column-gap-default\">\n\t\t\t\t\t<div class=\"elementor-column elementor-col-100 elementor-top-column elementor-element elementor-element-1c27437f column-style-top\" data-id=\"1c27437f\" data-element_type=\"column\">\n\t\t\t<div class=\"elementor-widget-wrap elementor-element-populated\">\n\t\t\t\t\t\t\t\t<div class=\"elementor-element elementor-element-c2468f4 elementor-widget elementor-widget-text-editor\" data-id=\"c2468f4\" data-element_type=\"widget\" data-widget_type=\"text-editor.default\">\n\t\t\t\t<div class=\"elementor-widget-container\">\n\t\t\t<style>\/*! elementor - v3.16.0 - 20-09-2023 *\/\n.elementor-widget-text-editor.elementor-drop-cap-view-stacked .elementor-drop-cap{background-color:#69727d;color:#fff}.elementor-widget-text-editor.elementor-drop-cap-view-framed .elementor-drop-cap{color:#69727d;border:3px solid;background-color:transparent}.elementor-widget-text-editor:not(.elementor-drop-cap-view-default) .elementor-drop-cap{margin-top:8px}.elementor-widget-text-editor:not(.elementor-drop-cap-view-default) .elementor-drop-cap-letter{width:1em;height:1em}.elementor-widget-text-editor .elementor-drop-cap{float:left;text-align:center;line-height:1;font-size:50px}.elementor-widget-text-editor .elementor-drop-cap-letter{display:inline-block}<\/style>\t\t\t\t\n          <p><\/p>\n          \n\n          <h3>\n            <span style=\"text-decoration: underline;\">RESPONSABLE DEL TRATAMIENTO<\/span>\n          <\/h3>\n          \n\n          <p><\/p>\n          \n\n          <p>El Responsable del Tratamiento es PIMEEF &#8211; PEQUE\u00d1A Y MEDIANA EMPRESA DE IBIZA Y FORMENTERA, Avenida Espa\u00f1a, 18-20, 1\u00ba, 07800, Ibiza (ILLES BALEARS).<\/p>\n          \n\n          <p><\/p>\n          \n\n          <h3 class=\"wp-block-heading\">\n            <span style=\"text-decoration: underline;\">PRINCIPIOS DE PRIVACIDAD<\/span>\n          <\/h3>\n          \n\n          <p><\/p>\n          \n\n          <p>Desde PIMEEF &#8211; PEQUE\u00d1A Y MEDIANA EMPRESA DE IBIZA Y FORMENTERA nos comprometemos con usted a trabajar continuamente para garantizar la privacidad en el tratamiento de sus datos personales, y para ofrecerle en cada momento la informaci\u00f3n m\u00e1s completa y clara que podamos. Le animamos a leer detenidamente esta secci\u00f3n antes de facilitarnos sus datos personales. Si usted es menor de catorce a\u00f1os le rogamos que no nos facilite sus datos sin consentimiento de sus padres. En este apartado le informamos de c\u00f3mo tratamos los datos de las personas que tienen relaci\u00f3n con nuestra organizaci\u00f3n. Empezando por nuestros principios:<\/p>\n          \n\n          <p><\/p>\n          \n\n          <ul>\n            \n\n            <li>No solicitamos informaci\u00f3n personal, a no ser que sea necesaria para prestarle los servicios que nos requiera.<\/li>\n            \n\n            <li>Nunca compartimos informaci\u00f3n personal con nadie, salvo para cumplir la ley, sea necesario para prestarle el servicio o contamos con su autorizaci\u00f3n expresa.<\/li>\n            \n\n            <li>Nunca utilizaremos sus datos personales para fines distintos a los expresados en esta pol\u00edtica de privacidad.<\/li>\n            \n\n            <li>Sus datos siempre ser\u00e1n tratados con un nivel de protecci\u00f3n adecuado a la legislaci\u00f3n en materia de protecci\u00f3n de datos, y no los someteremos a decisiones automatizadas sin informarle expresamente.<\/li>\n            \n\n          <\/ul>\n          \n\n          <p><\/p>\n          \n\n          <p><\/p>\n          \n\n          <p><\/p>\n          \n\n          <p><\/p>\n          \n\n          <p>La presente pol\u00edtica de privacidad la hemos redactado teniendo en cuenta las exigencias de la actual legislaci\u00f3n de protecci\u00f3n de datos:<\/p>\n          \n\n          <p><\/p>\n          \n\n          <ul>\n            \n\n            <li>Reglamento (UE) 2016\/679 del Parlamento Europeo y del Consejo de 27 de abril de 2016 relativo a la protecci\u00f3n de las personas f\u00edsicas (RGPD).<\/li>\n            \n\n            <li>Ley Org\u00e1nica 3\/2018, de 5 de diciembre, de Protecci\u00f3n de Datos de Car\u00e1cter Personal y garant\u00eda de los derechos digitales (LOPD).<\/li>\n            \n\n            <li>Real decreto 1720\/2007, de 21 de diciembre (RLOPD).<\/li>\n            \n\n          <\/ul>\n          \n\n          <p><\/p>\n          \n\n          <p><\/p>\n          \n\n          <p><\/p>\n          \n\n          <p>Esta pol\u00edtica de privacidad est\u00e1 redactada con fecha 6 de diciembre de 2018.<\/p>\n          \n\n          <p><\/p>\n          \n\n          <p>Con motivo de la modificaci\u00f3n de criterios de tratamiento, para facilitar su comprensi\u00f3n o adaptarla a la legalidad vigente, es posible que modifiquemos esta pol\u00edtica de privacidad. Actualizaremos la fecha de la misma, para que usted pueda comprobar su vigencia.<\/p>\n          \n\n          <p><\/p>\n          \n\n          <h3 class=\"wp-block-heading\">\n            <span style=\"text-decoration: underline;\">TRATAMIENTOS QUE REALIZAMOS<\/span>\n          <\/h3>\n          \n\n          <p><\/p>\n          \n\n          <h4>TRATAMIENTO DE EMPLEADOS<\/h4>\n          \n\n          <p><\/p>\n          \n\n          <p>Base Jur\u00eddica: RGPD: 6.1.b) Tratamiento necesario para la ejecuci\u00f3n de un contrato donde el interesado es parte o para su aplicaci\u00f3n a petici\u00f3n de \u00e9ste de medidas precontractuales. RGPD: 6.1.c) Tratamiento necesario para cumplir una obligaci\u00f3n legal aplicable al responsable del tratamiento. Real Decreto Legislativo 2\/2015, de 23 de octubre, por el que se aprueba el texto refundido de la Ley del Estatuto de los Trabajadores. Fines del Tratamiento: Gesti\u00f3n de personal contratado. Expediente personal. Control horario. Formaci\u00f3n. Planes de pensiones. Prevenci\u00f3n de riesgos laborales. Emisi\u00f3n de la n\u00f3mina del personal. Gesti\u00f3n de la actividad sindical. Colectivo: Empleados Categor\u00edas de Datos: Nombre y apellidos, DNI\/CIF\/Documento identificativo, n\u00famero de registro de personal, n\u00famero de Seguridad Social\/Mutualidad, direcci\u00f3n, firma y tel\u00e9fono. Categor\u00edas especiales de datos: datos de salud (bajas por enfermedad, accidentes laborales y grado de discapacidad, sin inclusi\u00f3n de diagn\u00f3sticos), afiliaci\u00f3n sindical, a los exclusivos efectos del pago de cuotas sindicales (en su caso), representante sindical (en su caso caso) ), justificantes de asistencia de propios y de terceros. Datos de caracter\u00edsticas personales: sexo, estado civil, nacionalidad, edad, fecha y lugar de nacimiento y datos familiares. Datos de circunstancias familiares: fecha de alta y baja, licencias, permisos y autorizaciones. Datos acad\u00e9micos y profesionales: Titulaciones, formaci\u00f3n y experiencia profesional. Datos de detalle de empleo y carrera administrativa. Incompatibilidades. Datos de control de presencia: fecha\/hora de entrada y salida, motivo de ausencia. Datos econ\u00f3mico-financieros: Datos econ\u00f3micos de n\u00f3mina, cr\u00e9ditos, pr\u00e9stamos, avales, deducciones impositivas, baja de haberes correspondiente al puesto de trabajo anterior (en su caso), retenciones judiciales (en su caso), otras retenciones (en su caso) ). Datos bancarios. Categor\u00edas de destinatarios: Entidad a la que se encomiende la gesti\u00f3n en materia de riesgos laborales. Tesorer\u00eda General de la Seguridad Social. Organitzaciones sindicales. Entidades financieras. Agencia Estatal de Administraci\u00f3n Tributaria. Contratistas principales a los que prestamos servicios como subcontratistas. Transferencias internacionales: No est\u00e1n previstas transferencias internacionales de los datos. Plazo de Supresi\u00f3n: Se conservar\u00e1n durante el tiempo necesario para cumplir con la finalidad para la que se pidieron y para determinar las posibles responsabilidades que pudieran derivarse de dicha finalidad y del tratamiento de los datos. Los datos econ\u00f3micos de esta actividad de tratamiento se conservar\u00e1n al amparo de lo dispuesto en la Ley 58\/2003, de 17 de diciembre, general tributaria. Medidas de seguridad: adaptadas a las exigencias del Reglamento (EU) 2016\/679, Reglamento General de Protecci\u00f3n de Datos.<\/p>\n          \n\n          <p><\/p>\n          \n\n          <h4 class=\"wp-block-heading\">TRATAMIENTO DE ATENCI\u00d3N DERECHOS DE LAS PERSONAS (ARC)<\/h4>\n          \n\n          <p><\/p>\n          \n\n          <p>Base Jur\u00eddica: RGPD: 6.1.c) Tratamiento necesario para el cumplimiento de una obligaci\u00f3n legal aplicable al responsable del tratamiento. Reglamento general de protecci\u00f3n de datos. Fines del Tratamiento: Atender las solicitudes en el ejercicio de los derechos que establece el Reglamento General de Protecci\u00f3n de Datos. Colectivo: Personas f\u00edsicas que lo solicitan (empleados, clientes, proveedores, personas de contacto) Categor\u00edas de Datos: Nombre y apellidos, direcci\u00f3n, firma y tel\u00e9fono. Categor\u00edas de destinatarios: Podr\u00e1n ser comunicados a la Autoridad de Control (Agencia Espa\u00f1ola de Protecci\u00f3n de Datos) en el marco de una investigaci\u00f3n por tutela de derechos iniciada por el interesado. Transferencias internacionales: No est\u00e1n previstas transferencias internacionales de los datos. Plazo de supresi\u00f3n: se conservar\u00e1n durante un plazo de cinco a\u00f1os desde el momento de su solicitud. Medidas de seguridad: adaptadas a las exigencias del Reglamento (EU) 2016\/679, Reglamento General de Protecci\u00f3n de Datos.<\/p>\n          \n\n          <p><\/p>\n          \n\n          <h4 class=\"wp-block-heading\">TRATAMIENTO DE CANDIDATOS PROCESOS DE SELECCI\u00d3N (RRHH)<\/h4>\n          \n\n          <p><\/p>\n          \n\n          <p>Base Jur\u00eddica: RGPD: 6.1.b) Tratamiento necesario para la ejecuci\u00f3n de un contrato donde el interesado es parte o para su aplicaci\u00f3n a petici\u00f3n de \u00e9ste de medidas precontractuales. Fines del Tratamiento: Selecci\u00f3n de personal y provisi\u00f3n de puestos de trabajo. Colectivo: Candidatos presentados a procedimientos de provisi\u00f3n de puestos de trabajo. Categor\u00edas de Datos: Nombre y apellidos, DNI\/CIF\/Documento identificativo, n\u00famero de registro de personal, direcci\u00f3n, firma y tel\u00e9fono. Datos de caracter\u00edsticas personales: sexo, estado civil, nacionalidad, edad, fecha y lugar de nacimiento y datos familiares. Datos acad\u00e9micos y profesionales: Titulaciones, formaci\u00f3n y experiencia profesional. Datos de detalle de empleo. Categor\u00edas de Destinatarios: No est\u00e1n previstas cesiones de datos a terceros. Transferencias internacionales: No est\u00e1n previstas transferencias internacionales de los datos. Plazo de Supresi\u00f3n: Se conservar\u00e1n durante el tiempo necesario para cumplir con la finalidad para la que se pidieron y para determinar las posibles responsabilidades que pudieran derivarse de dicha finalidad y del tratamiento de los datos. Medidas de seguridad: adaptadas a las exigencias del Reglamento (EU) 2016\/679, Reglamento General de Protecci\u00f3n de Datos.<\/p>\n          \n\n          <p><\/p>\n          \n\n          <h4 class=\"wp-block-heading\">TRATAMIENTO DE PROVEEDORES<\/h4>\n          \n\n          <p><\/p>\n          \n\n          <p>Base Jur\u00eddica: RGPD: 6.1.b) Tratamiento necesario para la ejecuci\u00f3n de un contrato donde el interesado es parte o para su aplicaci\u00f3n a petici\u00f3n de \u00e9ste de medidas precontractuales. RGPD: 6.1.c) Tratamiento necesario para cumplir una obligaci\u00f3n legal aplicable al responsable del tratamiento. Real Decreto Legislativo 2\/2015, de 23 de octubre, por el que se aprueba el texto refundido de la Ley del Estatuto de los Trabajadores. Ley 58\/2003, de 17 de diciembre, general tributaria. Fines del Tratamiento: Adquisici\u00f3n de productos y\/o servicios que necesitamos para el desarrollo de nuestra actividad. Control de los subcontratistas en su caso. Colectivo: Proveedores. Trabajadores de nuestros proveedores. Categor\u00edas de Datos: Nombre y apellidos, DNI\/NIF\/Documento identificativo, direcci\u00f3n, firma y tel\u00e9fono. Datos de detalle de empleo: puesto de trabajo. Formaci\u00f3n en seguridad laboral. Datos econ\u00f3mico-financieros y de seguros: Datos bancarios. Categor\u00edas de Destinatarios: Entidades financieras. (Pago de facturas) Agencia Estatal de Administraci\u00f3n Tributaria. Transferencias internacionales: No est\u00e1n previstas transferencias internacionales de los datos. Plazo de Supresi\u00f3n: Se conservar\u00e1n durante el tiempo necesario para cumplir con la finalidad para la que se pidieron y para determinar las posibles responsabilidades que pudieran derivarse de dicha finalidad y del tratamiento de los datos, de acuerdo con la Ley 58 \/2003, de 17 de diciembre, General Tributaria, Medidas de Seguridad: Adaptadas a las exigencias del Reglamento (EU) 2016\/679, Reglamento General de Protecci\u00f3n de Datos.<\/p>\n          \n\n          <p><\/p>\n          \n\n          <h4 class=\"wp-block-heading\">TRATAMIENTO DE CLIENTES<\/h4>\n          \n\n          <p><\/p>\n          \n\n          <p>Base Jur\u00eddica: RGPD: 6.1.a) El interesado dio su consentimiento para el tratamiento de sus datos personales para uno o varios fines espec\u00edficos. RGPD: 6.1.b) Tratamiento necesario para la ejecuci\u00f3n de un contrato donde el interesado es parte o para su aplicaci\u00f3n a petici\u00f3n del mismo de medidas precontractuales. RGPD: 6.1.c) Tratamiento necesario para cumplir una obligaci\u00f3n legal aplicable al responsable del tratamiento. Real Decreto Legislativo 2\/2015, de 23 de octubre, por el que se aprueba el texto refundido de la Ley del Estatuto de los Trabajadores. Ley 58\/2003, de 17 de diciembre, general tributaria. Fines del Tratamiento: Prestaci\u00f3n de nuestros servicios. Colectivo: Clientes. Categor\u00edas de Datos: Nombre y apellidos, DNI\/NIF\/Documento identificativo, direcci\u00f3n, firma y tel\u00e9fono. Datos econ\u00f3mico-financieros y de seguros: Datos bancarios Categor\u00edas de Destinatarios: Entidades financieras. Agencia Estatal de Administraci\u00f3n Tributaria. Transferencias internacionales: No est\u00e1n previstas transferencias internacionales de los datos. Plazo de Supresi\u00f3n: Se conservar\u00e1n durante el tiempo necesario para cumplir con la finalidad para la que se pidieron y para determinar las posibles responsabilidades que pudieran derivarse de dicha finalidad y del tratamiento de los datos, de acuerdo con la Ley 58 \/2003, de 17 de diciembre, General Tributaria, Medidas de Seguridad: Adaptadas a las exigencias del Reglamento (EU) 2016\/679, Reglamento General de Protecci\u00f3n de Datos.<\/p>\n          \n\n          <p><\/p>\n          \n\n          <h4 class=\"wp-block-heading\">TRATAMIENTO DE ASOCIADOS<\/h4>\n          \n\n          <p><\/p>\n          \n\n          <p>Base Jur\u00eddica: RGPD: 6.1.b) Tratamiento necesario para la ejecuci\u00f3n de un contrato donde el interesado es parte o para su aplicaci\u00f3n a petici\u00f3n de \u00e9ste de medidas precontractuales. RGPD: 6.1.c) Tratamiento necesario para cumplir una obligaci\u00f3n legal aplicable al responsable del tratamiento. Ley Org\u00e1nica 1\/2002, de 22 de marzo, reguladora del Derecho de Asociaci\u00f3n. Fines del Tratamiento: Cumplimiento de los fines definidos en los estatutos de nuestra Federaci\u00f3n. Colectivo: Asociados. Categor\u00edas de Datos: Nombre y apellidos, DNI\/NIF\/Documento identificativo, direcci\u00f3n, firma y tel\u00e9fono. Categor\u00edas de Destinatarios: Entidades bancarias (cobro cuotas asociado). Transferencias internacionales: No est\u00e1n previstas transferencias internacionales de los datos. Plazo de Supresi\u00f3n: Se conservar\u00e1n durante el tiempo necesario para cumplir con la finalidad para la que se pidieron y para determinar las posibles responsabilidades que pudieran derivarse de dicha finalidad y del tratamiento de los datos. Medidas de seguridad: adaptadas a las exigencias del Reglamento (EU) 2016\/679, Reglamento General de Protecci\u00f3n de Datos.<\/p>\n          \n\n          <p><\/p>\n          \n\n          <h3 class=\"wp-block-heading\">\n            <span style=\"text-decoration: underline;\">SUS DERECHOS<\/span>\n          <\/h3>\n          \n\n          <p><\/p>\n          \n\n          <p>Tiene derecho a solicitarnos una copia de sus datos personales, a rectificar los datos inexactos o completarlos si estuvieran incompletos, o en su caso suprimirlos, cuando ya no sean necesarios para los fines para los que fueron recogidos . Tambi\u00e9n tiene derecho a limitar el tratamiento de sus datos personales ya obtener sus datos personales en un formato estructurado y legible. Puede oponerse al tratamiento de sus datos personales en algunas circunstancias (en particular, cuando no tengamos que procesarlos para cumplir con un requisito contractual u otro requisito legal, o cuando el objeto del tratamiento sea el marketing directo). Cuando nos haya otorgado su consentimiento, podr\u00e1 retirarlo en cualquier momento. En ese momento dejaremos de tratar sus datos o, en su caso, dejaremos de hacerlo para esta finalidad en concreto. Si decide retirar su consentimiento, esto no afectar\u00e1 a ning\u00fan tratamiento que haya tenido lugar mientras su consentimiento estaba vigente. Estos derechos pueden verse limitados; por ejemplo, si para cumplir su solicitud tuvi\u00e9ramos que revelar datos sobre otra persona, o si nos pide que eliminemos algunos registros que estamos obligados a mantener por una obligaci\u00f3n legal o por un inter\u00e9s leg\u00edtimo, como pueda ser el ejercicio de defensa ante reclamaciones. O incluso en aquellos casos en los que debe prevalecer el derecho a la libertad de expresi\u00f3n e informaci\u00f3n. Puede contactar con nosotros por cualquiera de los medios indicados en el apartado Responsable del Tratamiento de esta pol\u00edtica de privacidad, aportando una copia de un documento que acredite su identidad (normalmente el DNI). Otro de sus derechos es no ser objeto de una decisi\u00f3n basada \u00fanicamente en un tratamiento automatizado, incluida la elaboraci\u00f3n de perfiles que produzca efectos jur\u00eddicos o le afecte. Ante cualquier vulneraci\u00f3n de sus derechos, como, por ejemplo, que no hayamos atendido su solicitud, tiene derecho a presentar una reclamaci\u00f3n ante la Autoridad de Control en materia de protecci\u00f3n de datos. \u00c9sta puede ser la de su pa\u00eds (si vive fuera de Espa\u00f1a) o la Agencia Espa\u00f1ola de Protecci\u00f3n de Datos (si vive en Espa\u00f1a).<\/p>\n          \n\n          <p><\/p>\n          \n\n          <h3>\n            <span style=\"text-decoration: underline;\">INFORMACI\u00d3N ADICIONAL<\/span>\n          <\/h3>\n          \n\n          <p><\/p>\n          \n\n          <p>Tratamiento de sus datos fuera del Espacio Econ\u00f3mico Europeo.<\/p>\n          \n\n          <p><\/p>\n          \n\n          <p>Para los tratamientos indicados podemos utilizar servicio de los siguientes proveedores ajenos al Espacio Econ\u00f3mico Europeo, pero acogidos al acuerdo de Privacy Shield, aprobado por las autoridades de protecci\u00f3n de datos de la Uni\u00f3n Europea.<\/p>\n          \n\n          <p><\/p>\n          \n\n          <h4>Enlaces a sitios web de terceros<\/h4>\n          \n\n          <p><\/p>\n          \n\n          <p>Nuestro sitio web puede, en ocasiones, contener enlaces hacia otros sitios web. Es responsabilidad suya asegurarse de leer la pol\u00edtica de protecci\u00f3n de datos y las condiciones legales que se apliquen en cada sitio.<\/p>\n          \n\n          <h4><br>Datos de terceros<\/h4>\n          \n\n          <p><\/p>\n          \n\n          <p>Si nos facilita datos de terceros, asume la responsabilidad de informarles previamente seg\u00fan lo que establece el art\u00edculo 14 del RGPD.<\/p>\n          \n\n          <p><\/p>\n        \t\t\t\t\t\t<\/div>\n\t\t\t\t<\/div>\n\t\t\t\t\t<\/div>\n\t\t<\/div>\n\t\t\t\t\t\t\t<\/div>\n\t\t<\/section>\n\t\t\t\t\t\t\t<\/div>\n\t\t","protected":false},"excerpt":{"rendered":"<p>Pol\u00edtica de Privacidad RESPONSABLE DEL TRATAMIENTO El Responsable del Tratamiento es PIMEEF &#8211; PEQUE\u00d1A Y MEDIANA EMPRESA DE IBIZA Y FORMENTERA, Avenida Espa\u00f1a, 18-20, 1\u00ba, 07800, Ibiza (ILLES BALEARS). PRINCIPIOS [&hellip;]<\/p>\n","protected":false},"author":2,"featured_media":0,"parent":0,"menu_order":0,"comment_status":"closed","ping_status":"closed","template":"elementor_header_footer","meta":{"footnotes":""},"class_list":["post-2735","page","type-page","status-publish","hentry"],"_links":{"self":[{"href":"https:\/\/comerciodeibiza.com\/es\/wp-json\/wp\/v2\/pages\/2735","targetHints":{"allow":["GET"]}}],"collection":[{"href":"https:\/\/comerciodeibiza.com\/es\/wp-json\/wp\/v2\/pages"}],"about":[{"href":"https:\/\/comerciodeibiza.com\/es\/wp-json\/wp\/v2\/types\/page"}],"author":[{"embeddable":true,"href":"https:\/\/comerciodeibiza.com\/es\/wp-json\/wp\/v2\/users\/2"}],"replies":[{"embeddable":true,"href":"https:\/\/comerciodeibiza.com\/es\/wp-json\/wp\/v2\/comments?post=2735"}],"version-history":[{"count":1,"href":"https:\/\/comerciodeibiza.com\/es\/wp-json\/wp\/v2\/pages\/2735\/revisions"}],"predecessor-version":[{"id":2736,"href":"https:\/\/comerciodeibiza.com\/es\/wp-json\/wp\/v2\/pages\/2735\/revisions\/2736"}],"wp:attachment":[{"href":"https:\/\/comerciodeibiza.com\/es\/wp-json\/wp\/v2\/media?parent=2735"}],"curies":[{"name":"wp","href":"https:\/\/api.w.org\/{rel}","templated":true}]}}